{"id":281,"date":"2020-09-09T09:28:48","date_gmt":"2020-09-09T07:28:48","guid":{"rendered":"http:\/\/preprod-zutano.lcom-agence.com\/?page_id=281"},"modified":"2024-09-07T17:08:08","modified_gmt":"2024-09-07T15:08:08","slug":"lacompagnie-zutano-bazar","status":"publish","type":"page","link":"https:\/\/www.zutanobazar.fr\/en\/lacompagnie-zutano-bazar\/","title":{"rendered":"Zutano BaZar art company"},"content":{"rendered":"<div data-elementor-type=\"wp-page\" data-elementor-id=\"281\" class=\"elementor elementor-281\">\n\t\t\t\t\t\t\t\t\t<section class=\"elementor-section elementor-top-section elementor-element elementor-element-f66b83c elementor-section-boxed elementor-section-height-default elementor-section-height-default\" data-id=\"f66b83c\" data-element_type=\"section\">\n\t\t\t\t\t\t<div class=\"elementor-container elementor-column-gap-default\">\n\t\t\t\t\t<div class=\"elementor-column elementor-col-100 elementor-top-column elementor-element elementor-element-3b5aa44\" data-id=\"3b5aa44\" data-element_type=\"column\">\n\t\t\t<div class=\"elementor-widget-wrap elementor-element-populated\">\n\t\t\t\t\t\t\t\t<div class=\"elementor-element elementor-element-1619970 elementor-widget elementor-widget-heading\" data-id=\"1619970\" data-element_type=\"widget\" data-widget_type=\"heading.default\">\n\t\t\t\t<div class=\"elementor-widget-container\">\n\t\t\t<h2 class=\"elementor-heading-title elementor-size-default\">\u00c9quipe<\/h2>\t\t<\/div>\n\t\t\t\t<\/div>\n\t\t\t\t<section class=\"elementor-section elementor-inner-section elementor-element elementor-element-d08fa94 elementor-section-content-middle elementor-section-boxed elementor-section-height-default elementor-section-height-default\" data-id=\"d08fa94\" data-element_type=\"section\">\n\t\t\t\t\t\t<div class=\"elementor-container elementor-column-gap-default\">\n\t\t\t\t\t<div class=\"elementor-column elementor-col-50 elementor-inner-column elementor-element elementor-element-3c760c6\" data-id=\"3c760c6\" data-element_type=\"column\">\n\t\t\t<div class=\"elementor-widget-wrap elementor-element-populated\">\n\t\t\t\t\t\t\t\t<div class=\"elementor-element elementor-element-c9aa7e2 elementor-widget elementor-widget-image\" data-id=\"c9aa7e2\" data-element_type=\"widget\" data-widget_type=\"image.default\">\n\t\t\t\t<div class=\"elementor-widget-container\">\n\t\t\t\t\t\t\t\t\t\t\t\t\t\t\t<img decoding=\"async\" loading=\"lazy\" width=\"300\" height=\"200\" src=\"https:\/\/www.zutanobazar.fr\/wp-content\/uploads\/2020\/09\/Florence-Loison_portrait-de-CSZ-Photographie_LD-300x200.jpg\" class=\"attachment-medium size-medium wp-image-430\" alt=\"\" srcset=\"https:\/\/www.zutanobazar.fr\/wp-content\/uploads\/2020\/09\/Florence-Loison_portrait-de-CSZ-Photographie_LD-300x200.jpg 300w, https:\/\/www.zutanobazar.fr\/wp-content\/uploads\/2020\/09\/Florence-Loison_portrait-de-CSZ-Photographie_LD-1024x683.jpg 1024w, https:\/\/www.zutanobazar.fr\/wp-content\/uploads\/2020\/09\/Florence-Loison_portrait-de-CSZ-Photographie_LD-768x512.jpg 768w, https:\/\/www.zutanobazar.fr\/wp-content\/uploads\/2020\/09\/Florence-Loison_portrait-de-CSZ-Photographie_LD-1536x1024.jpg 1536w, https:\/\/www.zutanobazar.fr\/wp-content\/uploads\/2020\/09\/Florence-Loison_portrait-de-CSZ-Photographie_LD-2048x1365.jpg 2048w\" sizes=\"(max-width: 300px) 100vw, 300px\" \/>\t\t\t\t\t\t\t\t\t\t\t\t\t\t\t<\/div>\n\t\t\t\t<\/div>\n\t\t\t\t\t<\/div>\n\t\t<\/div>\n\t\t\t\t<div class=\"elementor-column elementor-col-50 elementor-inner-column elementor-element elementor-element-e315a61\" data-id=\"e315a61\" data-element_type=\"column\">\n\t\t\t<div class=\"elementor-widget-wrap elementor-element-populated\">\n\t\t\t\t\t\t\t\t<div class=\"elementor-element elementor-element-ced8ca8 elementor-widget elementor-widget-text-editor\" data-id=\"ced8ca8\" data-element_type=\"widget\" data-widget_type=\"text-editor.default\">\n\t\t\t\t<div class=\"elementor-widget-container\">\n\t\t\t\t\t\t\t<p><b>Florence Loison. Directrice artistique, autrice, chor\u00e9graphe, performeuse<br \/><\/b><\/p><p><i>N\u00e9e dans une famille o\u00f9 la musique \u00e9tait centrale, Florence Loison a trac\u00e9 son parcours chor\u00e9graphique en dansant \u00e0 travers le monde, avec la musique pour fil conducteur.<\/i><\/p><p><i>En Afrique, en Europe, en Am\u00e9rique du nord et du Sud, son geste \u00e9clot dans le d\u00e9placement. Elle place son travail depuis plus de quinze ans sur la question des fronti\u00e8res.<br \/><\/i><\/p><p><i><span style=\"font-weight: 400;\">Travail de cr\u00e9ation et d\u2019implantation territoriale forte, elle fabrique des formes multiples m\u00ealant artistes, populations et lieux pluriels dans et hors champ de la culture.<\/span><\/i><\/p><p><i><span style=\"font-weight: 400;\">Autrice de pi\u00e8ces \u00e9crites pour le plateau et l\u2019espace public, elle aime travailler dans les deux sens, chaque contexte lui permet une expression de sa libert\u00e9 diff\u00e9rente et compl\u00e9mentaire. <\/span><\/i><\/p><p>\u00a0<\/p>\t\t\t\t\t\t<\/div>\n\t\t\t\t<\/div>\n\t\t\t\t<div class=\"elementor-element elementor-element-375fd8e elementor-widget elementor-widget-button\" data-id=\"375fd8e\" data-element_type=\"widget\" data-widget_type=\"button.default\">\n\t\t\t\t<div class=\"elementor-widget-container\">\n\t\t\t\t\t<div class=\"elementor-button-wrapper\">\n\t\t\t<a class=\"elementor-button elementor-button-link elementor-size-sm\" href=\"\/en\/lequipe-zutano-bazar\/florence-loison\/\">\n\t\t\t\t\t\t<span class=\"elementor-button-content-wrapper\">\n\t\t\t\t\t\t<span class=\"elementor-button-text\">En savoir plus<\/span>\n\t\t<\/span>\n\t\t\t\t\t<\/a>\n\t\t<\/div>\n\t\t\t\t<\/div>\n\t\t\t\t<\/div>\n\t\t\t\t\t<\/div>\n\t\t<\/div>\n\t\t\t\t\t\t\t<\/div>\n\t\t<\/section>\n\t\t\t\t<section class=\"elementor-section elementor-inner-section elementor-element elementor-element-998aee7 elementor-section-boxed elementor-section-height-default elementor-section-height-default\" data-id=\"998aee7\" data-element_type=\"section\">\n\t\t\t\t\t\t<div class=\"elementor-container elementor-column-gap-default\">\n\t\t\t\t\t<div class=\"elementor-column elementor-col-50 elementor-inner-column elementor-element elementor-element-9c3abed\" data-id=\"9c3abed\" data-element_type=\"column\">\n\t\t\t<div class=\"elementor-widget-wrap elementor-element-populated\">\n\t\t\t\t\t\t\t\t<div class=\"elementor-element elementor-element-7a43ccf elementor-widget elementor-widget-image\" data-id=\"7a43ccf\" data-element_type=\"widget\" data-widget_type=\"image.default\">\n\t\t\t\t<div class=\"elementor-widget-container\">\n\t\t\t\t\t\t\t\t\t\t\t\t\t\t\t<img decoding=\"async\" loading=\"lazy\" width=\"181\" height=\"300\" src=\"https:\/\/www.zutanobazar.fr\/wp-content\/uploads\/2020\/09\/Marjorie-Kellen-181x300.png\" class=\"attachment-medium size-medium wp-image-803\" alt=\"\" srcset=\"https:\/\/www.zutanobazar.fr\/wp-content\/uploads\/2020\/09\/Marjorie-Kellen-181x300.png 181w, https:\/\/www.zutanobazar.fr\/wp-content\/uploads\/2020\/09\/Marjorie-Kellen.png 237w\" sizes=\"(max-width: 181px) 100vw, 181px\" \/>\t\t\t\t\t\t\t\t\t\t\t\t\t\t\t<\/div>\n\t\t\t\t<\/div>\n\t\t\t\t\t<\/div>\n\t\t<\/div>\n\t\t\t\t<div class=\"elementor-column elementor-col-50 elementor-inner-column elementor-element elementor-element-20f6618\" data-id=\"20f6618\" data-element_type=\"column\">\n\t\t\t<div class=\"elementor-widget-wrap elementor-element-populated\">\n\t\t\t\t\t\t\t\t<div class=\"elementor-element elementor-element-41cb7a3 elementor-widget elementor-widget-text-editor\" data-id=\"41cb7a3\" data-element_type=\"widget\" data-widget_type=\"text-editor.default\">\n\t\t\t\t<div class=\"elementor-widget-container\">\n\t\t\t\t\t\t\t<p><strong>Marjorie Kellen. I<\/strong><b>nterpr\u00e8te, autrice, assistante chor\u00e9graphe, p\u00e9dagogue<\/b><br><\/p>\n<p dir=\"ltr\">Marjorie Kellen est originaire de Belgique, pays qu\u2019elle quitte \u00e0 18 ans pour \u00e9tudier la danse contemporaine d\u2019abord en Autriche (SEAD) puis au Pays-Bas (Theatreschool of Amsterdam -SNDO).<\/p>\n<p dir=\"ltr\">Pendant ces ann\u00e9es, elle voyage en Afrique (Burkina Faso, S\u00e9n\u00e9gal, Lib\u00e9ria, Afrique du Sud), au Pakistan, en France et en Pologne. Ces voyages sont motiv\u00e9s par diff\u00e9rents projets de danse et de th\u00e9\u00e2tre, l\u2019\u00e9tude de danses traditionnelles et de projets sociaux.<\/p>\n<p dir=\"ltr\">Interpr\u00e8te pour diff\u00e9rents chor\u00e9graphe et dans divers pays pour la cr\u00e9ation et les tourn\u00e9es, elle devient interpr\u00e8te et assistante chor\u00e9graphe de Florence Loison depuis 2016.&nbsp;<\/p>\n<p dir=\"ltr\">Une implication qui marque le d\u00e9but d\u2019une riche collaboration artistique avec Zutano BaZar, ses multiples cr\u00e9ations et son travail de territoire.<\/p>\t\t\t\t\t\t<\/div>\n\t\t\t\t<\/div>\n\t\t\t\t<div class=\"elementor-element elementor-element-1d95ab7 elementor-widget elementor-widget-button\" data-id=\"1d95ab7\" data-element_type=\"widget\" data-widget_type=\"button.default\">\n\t\t\t\t<div class=\"elementor-widget-container\">\n\t\t\t\t\t<div class=\"elementor-button-wrapper\">\n\t\t\t<a class=\"elementor-button elementor-button-link elementor-size-sm\" href=\"https:\/\/www.zutanobazar.fr\/en\/lassociation-zutano-bazar\/marjorie-kellen\/\">\n\t\t\t\t\t\t<span class=\"elementor-button-content-wrapper\">\n\t\t\t\t\t\t<span class=\"elementor-button-text\">En savoir plus<\/span>\n\t\t<\/span>\n\t\t\t\t\t<\/a>\n\t\t<\/div>\n\t\t\t\t<\/div>\n\t\t\t\t<\/div>\n\t\t\t\t\t<\/div>\n\t\t<\/div>\n\t\t\t\t\t\t\t<\/div>\n\t\t<\/section>\n\t\t\t\t<section class=\"elementor-section elementor-inner-section elementor-element elementor-element-aac6a6b elementor-section-content-middle elementor-section-boxed elementor-section-height-default elementor-section-height-default\" data-id=\"aac6a6b\" data-element_type=\"section\">\n\t\t\t\t\t\t<div class=\"elementor-container elementor-column-gap-default\">\n\t\t\t\t\t<div class=\"elementor-column elementor-col-50 elementor-inner-column elementor-element elementor-element-68d324e\" data-id=\"68d324e\" data-element_type=\"column\">\n\t\t\t<div class=\"elementor-widget-wrap elementor-element-populated\">\n\t\t\t\t\t\t\t\t<div class=\"elementor-element elementor-element-d8507c3 elementor-widget elementor-widget-image\" data-id=\"d8507c3\" data-element_type=\"widget\" data-widget_type=\"image.default\">\n\t\t\t\t<div class=\"elementor-widget-container\">\n\t\t\t\t\t\t\t\t\t\t\t\t\t\t\t<img decoding=\"async\" loading=\"lazy\" width=\"164\" height=\"165\" src=\"https:\/\/www.zutanobazar.fr\/wp-content\/uploads\/2020\/09\/Charlotte-Comare-Trombi.png\" class=\"attachment-large size-large wp-image-296\" alt=\"\" srcset=\"https:\/\/www.zutanobazar.fr\/wp-content\/uploads\/2020\/09\/Charlotte-Comare-Trombi.png 164w, https:\/\/www.zutanobazar.fr\/wp-content\/uploads\/2020\/09\/Charlotte-Comare-Trombi-150x150.png 150w\" sizes=\"(max-width: 164px) 100vw, 164px\" \/>\t\t\t\t\t\t\t\t\t\t\t\t\t\t\t<\/div>\n\t\t\t\t<\/div>\n\t\t\t\t\t<\/div>\n\t\t<\/div>\n\t\t\t\t<div class=\"elementor-column elementor-col-50 elementor-inner-column elementor-element elementor-element-2134652\" data-id=\"2134652\" data-element_type=\"column\">\n\t\t\t<div class=\"elementor-widget-wrap elementor-element-populated\">\n\t\t\t\t\t\t\t\t<div class=\"elementor-element elementor-element-b549389 elementor-widget elementor-widget-text-editor\" data-id=\"b549389\" data-element_type=\"widget\" data-widget_type=\"text-editor.default\">\n\t\t\t\t<div class=\"elementor-widget-container\">\n\t\t\t\t\t\t\t<p><strong>Charlotte Comare<\/strong><\/p>\n<p><span style=\"font-weight: 400;\">N\u00e9e l\u2019ann\u00e9e o\u00f9 William Golding recevait le prix nobel de litt\u00e9rature, elle aime le spectacle vivant et essaie tant qu\u2019elle peut d\u2019accompagner les artistes dans les m\u00e9andres administratifs\u2026<\/span><\/p>\n<p><span style=\"font-weight: 400;\">F\u00e9rue de fromage et des impromptus de Zutano BaZar, elle milite pour la culture en milieu rural.<\/span><\/p>\t\t\t\t\t\t<\/div>\n\t\t\t\t<\/div>\n\t\t\t\t\t<\/div>\n\t\t<\/div>\n\t\t\t\t\t\t\t<\/div>\n\t\t<\/section>\n\t\t\t\t<section class=\"elementor-section elementor-inner-section elementor-element elementor-element-e9f35b3 elementor-section-content-middle elementor-section-boxed elementor-section-height-default elementor-section-height-default\" data-id=\"e9f35b3\" data-element_type=\"section\">\n\t\t\t\t\t\t<div class=\"elementor-container elementor-column-gap-default\">\n\t\t\t\t\t<div class=\"elementor-column elementor-col-50 elementor-inner-column elementor-element elementor-element-2be9da9\" data-id=\"2be9da9\" data-element_type=\"column\">\n\t\t\t<div class=\"elementor-widget-wrap elementor-element-populated\">\n\t\t\t\t\t\t\t\t<div class=\"elementor-element elementor-element-9c2c80b elementor-widget elementor-widget-image\" data-id=\"9c2c80b\" data-element_type=\"widget\" data-widget_type=\"image.default\">\n\t\t\t\t<div class=\"elementor-widget-container\">\n\t\t\t\t\t\t\t\t\t\t\t\t\t\t\t<img decoding=\"async\" loading=\"lazy\" width=\"164\" height=\"165\" src=\"https:\/\/www.zutanobazar.fr\/wp-content\/uploads\/2020\/09\/Nanou-Trombi.jpg\" class=\"attachment-large size-large wp-image-289\" alt=\"\" srcset=\"https:\/\/www.zutanobazar.fr\/wp-content\/uploads\/2020\/09\/Nanou-Trombi.jpg 164w, https:\/\/www.zutanobazar.fr\/wp-content\/uploads\/2020\/09\/Nanou-Trombi-150x150.jpg 150w\" sizes=\"(max-width: 164px) 100vw, 164px\" \/>\t\t\t\t\t\t\t\t\t\t\t\t\t\t\t<\/div>\n\t\t\t\t<\/div>\n\t\t\t\t\t<\/div>\n\t\t<\/div>\n\t\t\t\t<div class=\"elementor-column elementor-col-50 elementor-inner-column elementor-element elementor-element-fd74529\" data-id=\"fd74529\" data-element_type=\"column\">\n\t\t\t<div class=\"elementor-widget-wrap elementor-element-populated\">\n\t\t\t\t\t\t\t\t<div class=\"elementor-element elementor-element-e696750 elementor-widget elementor-widget-text-editor\" data-id=\"e696750\" data-element_type=\"widget\" data-widget_type=\"text-editor.default\">\n\t\t\t\t<div class=\"elementor-widget-container\">\n\t\t\t\t\t\t\t<p><strong>Nathalie Le Geay<\/strong><\/p>\n<p><span style=\"font-weight: 400;\">Apr\u00e8s un parcours universitaire consacr\u00e9 \u00e0 l\u2019histoire contemporaine, Nathalie se tourne vers le d\u00e9veloppement culturel. Au sein de l\u2019association l\u2019Elastique \u00e0 Musique elle est d\u00e9veloppeuse d\u2019artistes du GRAMM \/ Groupe de Recherches et d\u2019Action Musicale du Maine, collectif de musiciens professionnels : production des spectacles, recherche de financements pour les nouvelles cr\u00e9ations des&nbsp; artistes musiciens et coordination des tourn\u00e9es nationales et internationales. Elle est aussi charg\u00e9e des relations presse pour le festival r\u00e9gional Jazz Tempo du collectif de diffusion du jazz CRDJ.<\/span><\/p>\t\t\t\t\t\t<\/div>\n\t\t\t\t<\/div>\n\t\t\t\t\t<\/div>\n\t\t<\/div>\n\t\t\t\t\t\t\t<\/div>\n\t\t<\/section>\n\t\t\t\t<section class=\"elementor-section elementor-inner-section elementor-element elementor-element-2857a90 elementor-section-content-middle elementor-section-boxed elementor-section-height-default elementor-section-height-default\" data-id=\"2857a90\" data-element_type=\"section\">\n\t\t\t\t\t\t<div class=\"elementor-container elementor-column-gap-default\">\n\t\t\t\t\t<div class=\"elementor-column elementor-col-50 elementor-inner-column elementor-element elementor-element-d146b76\" data-id=\"d146b76\" data-element_type=\"column\">\n\t\t\t<div class=\"elementor-widget-wrap elementor-element-populated\">\n\t\t\t\t\t\t\t\t<div class=\"elementor-element elementor-element-0178e5f elementor-widget elementor-widget-image\" data-id=\"0178e5f\" data-element_type=\"widget\" data-widget_type=\"image.default\">\n\t\t\t\t<div class=\"elementor-widget-container\">\n\t\t\t\t\t\t\t\t\t\t\t\t\t\t\t<img decoding=\"async\" loading=\"lazy\" width=\"164\" height=\"165\" src=\"https:\/\/www.zutanobazar.fr\/wp-content\/uploads\/2020\/09\/Corinne-Trombi-copie.jpg\" class=\"attachment-large size-large wp-image-298\" alt=\"\" srcset=\"https:\/\/www.zutanobazar.fr\/wp-content\/uploads\/2020\/09\/Corinne-Trombi-copie.jpg 164w, https:\/\/www.zutanobazar.fr\/wp-content\/uploads\/2020\/09\/Corinne-Trombi-copie-150x150.jpg 150w\" sizes=\"(max-width: 164px) 100vw, 164px\" \/>\t\t\t\t\t\t\t\t\t\t\t\t\t\t\t<\/div>\n\t\t\t\t<\/div>\n\t\t\t\t\t<\/div>\n\t\t<\/div>\n\t\t\t\t<div class=\"elementor-column elementor-col-50 elementor-inner-column elementor-element elementor-element-9ab8589\" data-id=\"9ab8589\" data-element_type=\"column\">\n\t\t\t<div class=\"elementor-widget-wrap elementor-element-populated\">\n\t\t\t\t\t\t\t\t<div class=\"elementor-element elementor-element-bad2764 elementor-widget elementor-widget-text-editor\" data-id=\"bad2764\" data-element_type=\"widget\" data-widget_type=\"text-editor.default\">\n\t\t\t\t<div class=\"elementor-widget-container\">\n\t\t\t\t\t\t\t<p><strong>Corinne L\u00e9on&nbsp;<\/strong><\/p>\n<p><span style=\"font-weight: 400;\">Secr\u00e9taire de Zutano BaZar et professeur de langues vivantes (anglais, espagnol, FLE), Corinne suit les ateliers et stages de Florence depuis d\u00e9j\u00e0 un moment. Danseuse autant que musicienne amateur, elle participe tr\u00e8s r\u00e9guli\u00e8rement aux stages et \u00e9v\u00e9nements propos\u00e9s par la compagnie : Passing Through BaZar, Danse en 4 temps, TFD&amp;MA\u2026<\/span><\/p>\t\t\t\t\t\t<\/div>\n\t\t\t\t<\/div>\n\t\t\t\t\t<\/div>\n\t\t<\/div>\n\t\t\t\t\t\t\t<\/div>\n\t\t<\/section>\n\t\t\t\t<section class=\"elementor-section elementor-inner-section elementor-element elementor-element-b6a84ae elementor-section-content-middle elementor-section-boxed elementor-section-height-default elementor-section-height-default\" data-id=\"b6a84ae\" data-element_type=\"section\">\n\t\t\t\t\t\t<div class=\"elementor-container elementor-column-gap-default\">\n\t\t\t\t\t<div class=\"elementor-column elementor-col-50 elementor-inner-column elementor-element elementor-element-005f96b\" data-id=\"005f96b\" data-element_type=\"column\">\n\t\t\t<div class=\"elementor-widget-wrap elementor-element-populated\">\n\t\t\t\t\t\t\t\t<div class=\"elementor-element elementor-element-223d672 elementor-widget elementor-widget-image\" data-id=\"223d672\" data-element_type=\"widget\" data-widget_type=\"image.default\">\n\t\t\t\t<div class=\"elementor-widget-container\">\n\t\t\t\t\t\t\t\t\t\t\t\t\t\t\t<img decoding=\"async\" loading=\"lazy\" width=\"164\" height=\"165\" src=\"https:\/\/www.zutanobazar.fr\/wp-content\/uploads\/2020\/09\/Tiphaine-Billard-trombi.jpg\" class=\"attachment-large size-large wp-image-294\" alt=\"\" srcset=\"https:\/\/www.zutanobazar.fr\/wp-content\/uploads\/2020\/09\/Tiphaine-Billard-trombi.jpg 164w, https:\/\/www.zutanobazar.fr\/wp-content\/uploads\/2020\/09\/Tiphaine-Billard-trombi-150x150.jpg 150w\" sizes=\"(max-width: 164px) 100vw, 164px\" \/>\t\t\t\t\t\t\t\t\t\t\t\t\t\t\t<\/div>\n\t\t\t\t<\/div>\n\t\t\t\t\t<\/div>\n\t\t<\/div>\n\t\t\t\t<div class=\"elementor-column elementor-col-50 elementor-inner-column elementor-element elementor-element-fa8023b\" data-id=\"fa8023b\" data-element_type=\"column\">\n\t\t\t<div class=\"elementor-widget-wrap elementor-element-populated\">\n\t\t\t\t\t\t\t\t<div class=\"elementor-element elementor-element-1c78718 elementor-widget elementor-widget-text-editor\" data-id=\"1c78718\" data-element_type=\"widget\" data-widget_type=\"text-editor.default\">\n\t\t\t\t<div class=\"elementor-widget-container\">\n\t\t\t\t\t\t\t<p><strong>Tiphaine Billard<\/strong><\/p><p><span style=\"font-weight: 400;\">\u00ab J\u2019aime le Petit Prince, les Schokobons et les voyages ! \u00bb<br \/><\/span><span style=\"font-weight: 400;\">Mais entre ces passions, il arrive \u00e0 Tiphaine de travailler pour la coordination de projets culturels en milieu scolaire et pour le suivi de dispositifs jeunesse.<br \/><\/span><span style=\"font-weight: 400;\">Et suite \u00e0 une pratique de danse amateur avec Florence, quoi de plus logique de suivre de plus pr\u00e8s les projets de Zutano Bazar !<\/span><\/p>\t\t\t\t\t\t<\/div>\n\t\t\t\t<\/div>\n\t\t\t\t\t<\/div>\n\t\t<\/div>\n\t\t\t\t\t\t\t<\/div>\n\t\t<\/section>\n\t\t\t\t<section class=\"elementor-section elementor-inner-section elementor-element elementor-element-d572df7 elementor-section-content-middle elementor-section-boxed elementor-section-height-default elementor-section-height-default\" data-id=\"d572df7\" data-element_type=\"section\">\n\t\t\t\t\t\t<div class=\"elementor-container elementor-column-gap-default\">\n\t\t\t\t\t<div class=\"elementor-column elementor-col-50 elementor-inner-column elementor-element elementor-element-8344ada\" data-id=\"8344ada\" data-element_type=\"column\">\n\t\t\t<div class=\"elementor-widget-wrap elementor-element-populated\">\n\t\t\t\t\t\t\t\t<div class=\"elementor-element elementor-element-c938c93 elementor-widget elementor-widget-image\" data-id=\"c938c93\" data-element_type=\"widget\" data-widget_type=\"image.default\">\n\t\t\t\t<div class=\"elementor-widget-container\">\n\t\t\t\t\t\t\t\t\t\t\t\t\t\t\t<img decoding=\"async\" loading=\"lazy\" width=\"150\" height=\"150\" src=\"https:\/\/www.zutanobazar.fr\/wp-content\/uploads\/2020\/09\/portrait_Sandrine-Gouffier-150x150.jpg\" class=\"attachment-thumbnail size-thumbnail wp-image-825\" alt=\"\" \/>\t\t\t\t\t\t\t\t\t\t\t\t\t\t\t<\/div>\n\t\t\t\t<\/div>\n\t\t\t\t\t<\/div>\n\t\t<\/div>\n\t\t\t\t<div class=\"elementor-column elementor-col-50 elementor-inner-column elementor-element elementor-element-1b068ea\" data-id=\"1b068ea\" data-element_type=\"column\">\n\t\t\t<div class=\"elementor-widget-wrap elementor-element-populated\">\n\t\t\t\t\t\t\t\t<div class=\"elementor-element elementor-element-2af641f elementor-widget elementor-widget-text-editor\" data-id=\"2af641f\" data-element_type=\"widget\" data-widget_type=\"text-editor.default\">\n\t\t\t\t<div class=\"elementor-widget-container\">\n\t\t\t\t\t\t\t<p><strong>Sandrine Gouffier<\/strong><\/p><p style=\"font-weight: 400;\"><span style=\"font-weight: 400;\">Alors que Picasso mourait,\u00a0 Sandrine naissait&#8230; Pure co\u00efncidence ! Quoiqu\u2019 elle a travaill\u00e9 un peu moins de 20 ans dans le domaine culturel et plus particuli\u00e8rement celui des arts visuels. Et puis r\u00e9cemment, elle s\u2019est rapproch\u00e9e de ses origines rurales pour se consacrer \u00e0 l\u2019agriculture biologique et paysanne. Elle accompagne de futurs paysans \u00e0 s\u2019installer, se former, \u00e0 tisser des liens sur leur territoire.<\/span><\/p><p style=\"font-weight: 400;\"><span style=\"font-weight: 400;\">Elle a commenc\u00e9 la danse amateur sur le tard mais a tr\u00e8s vite crois\u00e9 le chemin de Florence Loison avec qui elle prend des cours de danse afro-contemporaine. Ayant suivi la compagnie durant Lignes Africaines, elle d\u00e9cide finalement de rejoindre Zutano BaZar en 2013 en tant que b\u00e9n\u00e9vole puis membre du Conseil d\u2019Administration.<\/span><\/p>\t\t\t\t\t\t<\/div>\n\t\t\t\t<\/div>\n\t\t\t\t\t<\/div>\n\t\t<\/div>\n\t\t\t\t\t\t\t<\/div>\n\t\t<\/section>\n\t\t\t\t<section class=\"elementor-section elementor-inner-section elementor-element elementor-element-293062b elementor-section-boxed elementor-section-height-default elementor-section-height-default\" data-id=\"293062b\" data-element_type=\"section\">\n\t\t\t\t\t\t<div class=\"elementor-container elementor-column-gap-default\">\n\t\t\t\t\t<div class=\"elementor-column elementor-col-50 elementor-inner-column elementor-element elementor-element-af82f50\" data-id=\"af82f50\" data-element_type=\"column\">\n\t\t\t<div class=\"elementor-widget-wrap elementor-element-populated\">\n\t\t\t\t\t\t\t\t<div class=\"elementor-element elementor-element-e45b3c8 elementor-widget elementor-widget-image\" data-id=\"e45b3c8\" data-element_type=\"widget\" data-widget_type=\"image.default\">\n\t\t\t\t<div class=\"elementor-widget-container\">\n\t\t\t\t\t\t\t\t\t\t\t\t\t\t\t<img decoding=\"async\" loading=\"lazy\" width=\"150\" height=\"150\" src=\"https:\/\/www.zutanobazar.fr\/wp-content\/uploads\/2020\/09\/portrait_Noe\u0308lla-Gaigeot-150x150.jpg\" class=\"attachment-thumbnail size-thumbnail wp-image-827\" alt=\"\" \/>\t\t\t\t\t\t\t\t\t\t\t\t\t\t\t<\/div>\n\t\t\t\t<\/div>\n\t\t\t\t\t<\/div>\n\t\t<\/div>\n\t\t\t\t<div class=\"elementor-column elementor-col-50 elementor-inner-column elementor-element elementor-element-0bb6f71\" data-id=\"0bb6f71\" data-element_type=\"column\">\n\t\t\t<div class=\"elementor-widget-wrap elementor-element-populated\">\n\t\t\t\t\t\t\t\t<div class=\"elementor-element elementor-element-01ab01d elementor-widget elementor-widget-text-editor\" data-id=\"01ab01d\" data-element_type=\"widget\" data-widget_type=\"text-editor.default\">\n\t\t\t\t<div class=\"elementor-widget-container\">\n\t\t\t\t\t\t\t<p style=\"font-weight: 400;\"><strong>No\u00eblla Gaigeot<\/strong><\/p>\n<p style=\"font-weight: 400;\">\u00ab&nbsp;<span style=\"font-weight: 400;\">La danse me nourrit depuis plusieurs ann\u00e9es d\u00e9j\u00e0 en tant que pratique amateur.&nbsp;&nbsp;<br><\/span>Se mouvoir dans la singularit\u00e9.<br>Interroger le lien. Cr\u00e9er des liens. <br>Accompagner le geste&#8230; Les gestes.<br>Associer d&rsquo;autres artistes. Ouvrir aux autres. Vivre un territoire.<br>J&rsquo;ai suivi le travail de Zutano BaZar pendant longtemps et un jour j&rsquo;ai fait le choix de rejoindre le conseil d&rsquo;administration qui d\u00e9fend une danse qui me parle au plus profond de moi. \u00bb<\/p>\t\t\t\t\t\t<\/div>\n\t\t\t\t<\/div>\n\t\t\t\t\t<\/div>\n\t\t<\/div>\n\t\t\t\t\t\t\t<\/div>\n\t\t<\/section>\n\t\t\t\t<div class=\"elementor-element elementor-element-408e4f1 elementor-widget elementor-widget-text-editor\" data-id=\"408e4f1\" data-element_type=\"widget\" data-widget_type=\"text-editor.default\">\n\t\t\t\t<div class=\"elementor-widget-container\">\n\t\t\t\t\t\t\t<p><strong>Co-Pr\u00e9sidentes et membres actifs :<\/strong> Tiphaine Billard, Corinne L\u00e9on, Sandrine Gouffier, Anne-Laure Gu\u00e9rineau, No\u00eblla Gaigeot, Charlotte Comare, Audrey Gilliot, Patricia Jouvene-Faure<\/p><p><strong>Chor\u00e9graphe, directrice artistique, autrice, performeuse :<\/strong> Florence Loison<\/p><p><strong>Interpr\u00e8te, autrice, assistante chor\u00e9graphe :<\/strong> Marjorie Kellen<\/p><p><strong>Compositeur, musicien : <\/strong>Denis Monjanel<\/p><p><b>R\u00e9gie g\u00e9n\u00e9rale <\/b>: L\u00e9na\u00efc Hureau<\/p><p><b>R\u00e9gie de tourn\u00e9e<\/b> : L\u00e9na\u00efc Hureau, en alternance avec Alexandre Aubert<\/p><p><strong>Charg\u00e9e de production : <\/strong>Sol\u00e8ne L&rsquo;Ev\u00eaque, assist\u00e9e de Cl\u00e9mence Dugousset (apprentie en administration 2023\/2024)<\/p><p><strong>Prestataire social :<\/strong> \u00c9milie Vailland \/ ACTARUS Spectacle<\/p><p><b>Cr\u00e9dits et collaborations photographiques et audiovisuelles : <\/b>J\u00e9r\u00e9my Justice &#8211;<b> <\/b><span style=\"font-weight: 400;\"><a href=\"http:\/\/lalunela.fr\/\" target=\"_blank\" rel=\"noopener\">Lalunela post-production<\/a> \/ <\/span><a href=\"https:\/\/cszphotographie.fr\/\" target=\"_blank\" rel=\"noopener\"><span style=\"font-weight: 400;\">CSZ Photographie<\/span><\/a><span style=\"font-weight: 400;\"> \/ <\/span><a href=\"https:\/\/marielemauffphotographe.wordpress.com\/\" target=\"_blank\" rel=\"noopener\"><span style=\"font-weight: 400;\">Julien Leguay \/ <\/span><\/a><span style=\"font-weight: 400;\"><a href=\"https:\/\/marielemauffphotographe.wordpress.com\/\" target=\"_blank\" rel=\"noopener\">Marie Le Mauff<\/a> \/ Yann Marie \/ <\/span><a href=\"http:\/\/www.doriansacher.com\/\" target=\"_blank\" rel=\"noopener\"><span style=\"font-weight: 400;\">Dorian Sacher<\/span><\/a><span style=\"font-weight: 400;\"> \/ Antoine Berr \/<\/span><a href=\"http:\/\/www.davidcommenchal.com\/\" target=\"_blank\" rel=\"noopener\"> <span style=\"font-weight: 400;\">David Commenchal<\/span><\/a><span style=\"font-weight: 400;\"> \/\u00a0<\/span><a href=\"http:\/\/www.jf-devillers.com\/\" target=\"_blank\" rel=\"noopener\"><span style=\"font-weight: 400;\">JF Devillers<\/span><\/a><span style=\"font-weight: 400;\"> \/<\/span>\u00a0<a href=\"http:\/\/www.jeanmichelregoin.com\/\" target=\"_blank\" rel=\"noopener\"> <span style=\"font-weight: 400;\">Jean-Michel Regoin<\/span><\/a><span style=\"font-weight: 400;\"> \/ Steve Andrews \/ Service Culturel de Ch\u00e2teau-du-Loir<br \/><\/span><\/p>\t\t\t\t\t\t<\/div>\n\t\t\t\t<\/div>\n\t\t\t\t\t<\/div>\n\t\t<\/div>\n\t\t\t\t\t\t\t<\/div>\n\t\t<\/section>\n\t\t\t\t\t\t\t<\/div>","protected":false},"excerpt":{"rendered":"<p>\u00c9quipe Florence Loison. Directrice artistique, autrice, chor\u00e9graphe, performeuse N\u00e9e dans une famille o\u00f9 la musique \u00e9tait centrale, Florence Loison a trac\u00e9 son parcours chor\u00e9graphique en dansant \u00e0 travers le monde, [&#8230;]<\/p>","protected":false},"author":1,"featured_media":59,"parent":0,"menu_order":0,"comment_status":"closed","ping_status":"closed","template":"","meta":{"footnotes":""},"acf":[],"yoast_head":"<!-- This site is optimized with the Yoast SEO plugin v21.4 - https:\/\/yoast.com\/wordpress\/plugins\/seo\/ -->\n<title>La compagnie Zutano BaZar<\/title>\n<meta name=\"description\" content=\"La compagnie Zutano BaZar est une plateforme cr\u00e9ative pluridisciplinaire autour du geste, \u00e0 partir du travail artistique de la chor\u00e9graphe Florence Loison.\" \/>\n<meta name=\"robots\" content=\"index, follow, max-snippet:-1, max-image-preview:large, max-video-preview:-1\" \/>\n<link rel=\"canonical\" href=\"https:\/\/www.zutanobazar.fr\/en\/lacompagnie-zutano-bazar\/\" \/>\n<meta property=\"og:locale\" content=\"en_GB\" \/>\n<meta property=\"og:type\" content=\"article\" \/>\n<meta property=\"og:title\" content=\"La compagnie Zutano BaZar\" \/>\n<meta property=\"og:description\" content=\"La compagnie Zutano BaZar est une plateforme cr\u00e9ative pluridisciplinaire autour du geste, \u00e0 partir du travail artistique de la chor\u00e9graphe Florence Loison.\" \/>\n<meta property=\"og:url\" content=\"https:\/\/www.zutanobazar.fr\/en\/lacompagnie-zutano-bazar\/\" \/>\n<meta property=\"og:site_name\" content=\"Zutano Bazar\" \/>\n<meta property=\"article:modified_time\" content=\"2024-09-07T15:08:08+00:00\" \/>\n<meta property=\"og:image\" content=\"https:\/\/www.zutanobazar.fr\/wp-content\/uploads\/2020\/08\/MLM-MouvDanse2019-314-scaled.jpg\" \/>\n\t<meta property=\"og:image:width\" content=\"2560\" \/>\n\t<meta property=\"og:image:height\" content=\"1709\" \/>\n\t<meta property=\"og:image:type\" content=\"image\/jpeg\" \/>\n<meta name=\"twitter:card\" content=\"summary_large_image\" \/>\n<meta name=\"twitter:label1\" content=\"Estimated reading time\" \/>\n\t<meta name=\"twitter:data1\" content=\"6 minutes\" \/>\n<script type=\"application\/ld+json\" class=\"yoast-schema-graph\">{\"@context\":\"https:\/\/schema.org\",\"@graph\":[{\"@type\":\"WebPage\",\"@id\":\"https:\/\/www.zutanobazar.fr\/lacompagnie-zutano-bazar\/\",\"url\":\"https:\/\/www.zutanobazar.fr\/lacompagnie-zutano-bazar\/\",\"name\":\"La compagnie Zutano BaZar\",\"isPartOf\":{\"@id\":\"https:\/\/www.zutanobazar.fr\/#website\"},\"datePublished\":\"2020-09-09T07:28:48+00:00\",\"dateModified\":\"2024-09-07T15:08:08+00:00\",\"description\":\"La compagnie Zutano BaZar est une plateforme cr\u00e9ative pluridisciplinaire autour du geste, \u00e0 partir du travail artistique de la chor\u00e9graphe Florence Loison.\",\"breadcrumb\":{\"@id\":\"https:\/\/www.zutanobazar.fr\/lacompagnie-zutano-bazar\/#breadcrumb\"},\"inLanguage\":\"en-GB\",\"potentialAction\":[{\"@type\":\"ReadAction\",\"target\":[\"https:\/\/www.zutanobazar.fr\/lacompagnie-zutano-bazar\/\"]}]},{\"@type\":\"BreadcrumbList\",\"@id\":\"https:\/\/www.zutanobazar.fr\/lacompagnie-zutano-bazar\/#breadcrumb\",\"itemListElement\":[{\"@type\":\"ListItem\",\"position\":1,\"name\":\"Accueil\",\"item\":\"https:\/\/www.zutanobazar.fr\/\"},{\"@type\":\"ListItem\",\"position\":2,\"name\":\"La compagnie Zutano BaZar\"}]},{\"@type\":\"WebSite\",\"@id\":\"https:\/\/www.zutanobazar.fr\/#website\",\"url\":\"https:\/\/www.zutanobazar.fr\/\",\"name\":\"Zutano Bazar\",\"description\":\"Plateforme pluridisciplinaire autour du geste\",\"publisher\":{\"@id\":\"https:\/\/www.zutanobazar.fr\/#organization\"},\"potentialAction\":[{\"@type\":\"SearchAction\",\"target\":{\"@type\":\"EntryPoint\",\"urlTemplate\":\"https:\/\/www.zutanobazar.fr\/?s={search_term_string}\"},\"query-input\":\"required name=search_term_string\"}],\"inLanguage\":\"en-GB\"},{\"@type\":\"Organization\",\"@id\":\"https:\/\/www.zutanobazar.fr\/#organization\",\"name\":\"Zutano BaZaR\",\"url\":\"https:\/\/www.zutanobazar.fr\/\",\"logo\":{\"@type\":\"ImageObject\",\"inLanguage\":\"en-GB\",\"@id\":\"https:\/\/www.zutanobazar.fr\/#\/schema\/logo\/image\/\",\"url\":\"https:\/\/www.zutanobazar.fr\/wp-content\/uploads\/2020\/09\/LOGO-Zutano-def_noST-300x300-1.jpg\",\"contentUrl\":\"https:\/\/www.zutanobazar.fr\/wp-content\/uploads\/2020\/09\/LOGO-Zutano-def_noST-300x300-1.jpg\",\"width\":300,\"height\":300,\"caption\":\"Zutano BaZaR\"},\"image\":{\"@id\":\"https:\/\/www.zutanobazar.fr\/#\/schema\/logo\/image\/\"}}]}<\/script>\n<!-- \/ Yoast SEO plugin. -->","yoast_head_json":{"title":"La compagnie Zutano BaZar","description":"La compagnie Zutano BaZar est une plateforme cr\u00e9ative pluridisciplinaire autour du geste, \u00e0 partir du travail artistique de la chor\u00e9graphe Florence Loison.","robots":{"index":"index","follow":"follow","max-snippet":"max-snippet:-1","max-image-preview":"max-image-preview:large","max-video-preview":"max-video-preview:-1"},"canonical":"https:\/\/www.zutanobazar.fr\/en\/lacompagnie-zutano-bazar\/","og_locale":"en_GB","og_type":"article","og_title":"La compagnie Zutano BaZar","og_description":"La compagnie Zutano BaZar est une plateforme cr\u00e9ative pluridisciplinaire autour du geste, \u00e0 partir du travail artistique de la chor\u00e9graphe Florence Loison.","og_url":"https:\/\/www.zutanobazar.fr\/en\/lacompagnie-zutano-bazar\/","og_site_name":"Zutano Bazar","article_modified_time":"2024-09-07T15:08:08+00:00","og_image":[{"width":2560,"height":1709,"url":"https:\/\/www.zutanobazar.fr\/wp-content\/uploads\/2020\/08\/MLM-MouvDanse2019-314-scaled.jpg","type":"image\/jpeg"}],"twitter_card":"summary_large_image","twitter_misc":{"Estimated reading time":"6 minutes"},"schema":{"@context":"https:\/\/schema.org","@graph":[{"@type":"WebPage","@id":"https:\/\/www.zutanobazar.fr\/lacompagnie-zutano-bazar\/","url":"https:\/\/www.zutanobazar.fr\/lacompagnie-zutano-bazar\/","name":"La compagnie Zutano BaZar","isPartOf":{"@id":"https:\/\/www.zutanobazar.fr\/#website"},"datePublished":"2020-09-09T07:28:48+00:00","dateModified":"2024-09-07T15:08:08+00:00","description":"La compagnie Zutano BaZar est une plateforme cr\u00e9ative pluridisciplinaire autour du geste, \u00e0 partir du travail artistique de la chor\u00e9graphe Florence Loison.","breadcrumb":{"@id":"https:\/\/www.zutanobazar.fr\/lacompagnie-zutano-bazar\/#breadcrumb"},"inLanguage":"en-GB","potentialAction":[{"@type":"ReadAction","target":["https:\/\/www.zutanobazar.fr\/lacompagnie-zutano-bazar\/"]}]},{"@type":"BreadcrumbList","@id":"https:\/\/www.zutanobazar.fr\/lacompagnie-zutano-bazar\/#breadcrumb","itemListElement":[{"@type":"ListItem","position":1,"name":"Accueil","item":"https:\/\/www.zutanobazar.fr\/"},{"@type":"ListItem","position":2,"name":"La compagnie Zutano BaZar"}]},{"@type":"WebSite","@id":"https:\/\/www.zutanobazar.fr\/#website","url":"https:\/\/www.zutanobazar.fr\/","name":"Zutano Bazar","description":"Plateforme pluridisciplinaire autour du geste","publisher":{"@id":"https:\/\/www.zutanobazar.fr\/#organization"},"potentialAction":[{"@type":"SearchAction","target":{"@type":"EntryPoint","urlTemplate":"https:\/\/www.zutanobazar.fr\/?s={search_term_string}"},"query-input":"required name=search_term_string"}],"inLanguage":"en-GB"},{"@type":"Organization","@id":"https:\/\/www.zutanobazar.fr\/#organization","name":"Zutano BaZaR","url":"https:\/\/www.zutanobazar.fr\/","logo":{"@type":"ImageObject","inLanguage":"en-GB","@id":"https:\/\/www.zutanobazar.fr\/#\/schema\/logo\/image\/","url":"https:\/\/www.zutanobazar.fr\/wp-content\/uploads\/2020\/09\/LOGO-Zutano-def_noST-300x300-1.jpg","contentUrl":"https:\/\/www.zutanobazar.fr\/wp-content\/uploads\/2020\/09\/LOGO-Zutano-def_noST-300x300-1.jpg","width":300,"height":300,"caption":"Zutano BaZaR"},"image":{"@id":"https:\/\/www.zutanobazar.fr\/#\/schema\/logo\/image\/"}}]}},"_links":{"self":[{"href":"https:\/\/www.zutanobazar.fr\/en\/wp-json\/wp\/v2\/pages\/281"}],"collection":[{"href":"https:\/\/www.zutanobazar.fr\/en\/wp-json\/wp\/v2\/pages"}],"about":[{"href":"https:\/\/www.zutanobazar.fr\/en\/wp-json\/wp\/v2\/types\/page"}],"author":[{"embeddable":true,"href":"https:\/\/www.zutanobazar.fr\/en\/wp-json\/wp\/v2\/users\/1"}],"replies":[{"embeddable":true,"href":"https:\/\/www.zutanobazar.fr\/en\/wp-json\/wp\/v2\/comments?post=281"}],"version-history":[{"count":104,"href":"https:\/\/www.zutanobazar.fr\/en\/wp-json\/wp\/v2\/pages\/281\/revisions"}],"predecessor-version":[{"id":6318,"href":"https:\/\/www.zutanobazar.fr\/en\/wp-json\/wp\/v2\/pages\/281\/revisions\/6318"}],"wp:featuredmedia":[{"embeddable":true,"href":"https:\/\/www.zutanobazar.fr\/en\/wp-json\/wp\/v2\/media\/59"}],"wp:attachment":[{"href":"https:\/\/www.zutanobazar.fr\/en\/wp-json\/wp\/v2\/media?parent=281"}],"curies":[{"name":"wp","href":"https:\/\/api.w.org\/{rel}","templated":true}]}}